{"id":865,"date":"2025-04-03T13:19:46","date_gmt":"2025-04-03T17:19:46","guid":{"rendered":"https:\/\/augustines.org\/inicio\/"},"modified":"2025-06-05T10:39:19","modified_gmt":"2025-06-05T15:39:19","slug":"inicio","status":"publish","type":"page","link":"https:\/\/augustines.org\/es\/","title":{"rendered":"INICIO"},"content":{"rendered":"\n<h1>\n\t\t\tLes Augustines<br \/>de la Mis\u00e9ricorde<br \/>de J\u00e9sus \t<\/h1>\n<h4>\n\t\t\t1639\t<\/h4>\n\t<p>Les Augustines de la Mis\u00e9ricorde de J\u00e9sus sont \u00e0 l&#8217;origine des premiers \u00e9tablissements de sant\u00e9<br \/>en Nouvelle-France.<\/p>\n\t\t\t\t<img decoding=\"async\" src=\"https:\/\/augustines.org\/wp-content\/uploads\/2025\/04\/augustines-nouvelle-france.png\" alt=\"augustines-nouvelle-france\" itemprop=\"image\" height=\"1000\" width=\"1000\" title=\"augustines-nouvelle-france\" onerror=\"this.style.display='none'\" loading='lazy' \/>\n\t<p>Arriv\u00e9es \u00e0 Qu\u00e9bec en 1639, elles fondent douze h\u00f4pitaux au Canada \u00e0 chacun desquels est adjoint un monast\u00e8re o\u00f9 vivent les hospitali\u00e8res. Sur plus de trois si\u00e8cles, elles furent propri\u00e9taires et gestionnaires des \u00e9tablissements o\u00f9 elles prodiguaient des soins.<\/p>\n<p>Aujourd&#8217;hui, leurs h\u00f4pitaux sont int\u00e9gr\u00e9s au r\u00e9seau public de soins de sant\u00e9 du Qu\u00e9bec.<\/p>\n<p>Depuis quelques d\u00e9cennies, les Augustines connaissent une diminution de leurs nombres. La plupart des monast\u00e8res ont \u00e9t\u00e9 c\u00e9d\u00e9s et reconvertis \u00e0 d&#8217;autres usages.<\/p>\n\t<p>Elles soutiennent des \u0153uvres au Qu\u00e9bec et une mission au Paraguay. Leurs d\u00e9cisions des r\u00e9centes ann\u00e9es en mati\u00e8re de pr\u00e9servation du patrimoine illustrent leur engagement envers les g\u00e9n\u00e9rations actuelles et futures.<\/p>\n\t\t\t\t<a href=\"https:\/\/augustines.org\/origines\/\"  target=\"_self\" itemprop=\"url\">\n\t\t\t\t<img decoding=\"async\" src=\"https:\/\/augustines.org\/wp-content\/uploads\/2025\/04\/origines.png\" alt=\"Origines des augustines\" itemprop=\"image\" height=\"800\" width=\"800\" title=\"origines\" onerror=\"this.style.display='none'\" loading='lazy' \/>\n\t\t\t\t<\/a>\n<h3>\n\t\t<a href=\"https:\/\/augustines.org\/origines\/\" title=\"ORIGINES\"  target=\"_self\">\n\t\t\tORIGINES\t\t<\/a>\n\t<\/h3>\n\t\t\t\t<a href=\"https:\/\/augustines.org\/charisme\/\"  target=\"_self\" itemprop=\"url\">\n\t\t\t\t<img decoding=\"async\" src=\"https:\/\/augustines.org\/wp-content\/uploads\/2025\/04\/charisme.png\" alt=\"CHARISME\" itemprop=\"image\" height=\"800\" width=\"800\" title=\"charisme\" onerror=\"this.style.display='none'\" loading='lazy' \/>\n\t\t\t\t<\/a>\n<h3>\n\t\t<a href=\"https:\/\/augustines.org\/charisme\/\" title=\"CHARISME\"  target=\"_self\">\n\t\t\tCHARISME\t\t<\/a>\n\t<\/h3>\n\t\t\t\t<a href=\"https:\/\/augustines.org\/presence\/\"  target=\"_self\" itemprop=\"url\">\n\t\t\t\t<img decoding=\"async\" src=\"https:\/\/augustines.org\/wp-content\/uploads\/2025\/04\/presence.png\" alt=\"Pr\u00e9sence\" itemprop=\"image\" height=\"800\" width=\"800\" title=\"presence\" onerror=\"this.style.display='none'\" loading='lazy' \/>\n\t\t\t\t<\/a>\n<h3>\n\t\t<a href=\"https:\/\/augustines.org\/presence\/\" title=\"PR\u00c9SENCE\"  target=\"_self\">\n\t\t\tPR\u00c9SENCE\t\t<\/a>\n\t<\/h3>\n\t\t\t\t<a href=\"https:\/\/augustines.org\/patrimoine\/\"  target=\"_self\" itemprop=\"url\">\n\t\t\t\t<img decoding=\"async\" src=\"https:\/\/augustines.org\/wp-content\/uploads\/2025\/04\/patrimoine.png\" alt=\"Patrimoine\" itemprop=\"image\" height=\"800\" width=\"800\" title=\"patrimoine\" onerror=\"this.style.display='none'\" loading='lazy' \/>\n\t\t\t\t<\/a>\n<h3>\n\t\t<a href=\"https:\/\/augustines.org\/patrimoine\/\" title=\"PATRIMOINE\"  target=\"_self\">\n\t\t\tPATRIMOINE\t\t<\/a>\n\t<\/h3>\n<h2>\n\t\t\tActualit\u00e9s\t<\/h2>\n\t\t\t<a href=\"https:\/\/augustines.org\/actualites\/\" target=\"_self\">\n\t\t\t\t\t\t\tCONSULTER TOUTES LES NOUVELLES\n\t\t\t\t\t<\/a>\n\n","protected":false},"excerpt":{"rendered":"<p>Les Augustinesde la Mis\u00e9ricordede J\u00e9sus 1639 Les Augustines de la Mis\u00e9ricorde de J\u00e9sus sont \u00e0 l&#8217;origine des premiers \u00e9tablissements de sant\u00e9en Nouvelle-France. Arriv\u00e9es \u00e0 Qu\u00e9bec en 1639, elles fondent douze h\u00f4pitaux au Canada \u00e0 chacun desquels est adjoint un monast\u00e8re o\u00f9 vivent les hospitali\u00e8res. Sur plus de trois si\u00e8cles, elles furent propri\u00e9taires et gestionnaires des&hellip;<\/p>\n","protected":false},"author":1,"featured_media":18,"parent":0,"menu_order":0,"comment_status":"closed","ping_status":"closed","template":"","meta":{"footnotes":""},"class_list":["post-865","page","type-page","status-publish","has-post-thumbnail","hentry"],"yoast_head":"<!-- This site is optimized with the Yoast SEO plugin v27.3 - https:\/\/yoast.com\/product\/yoast-seo-wordpress\/ -->\n<title>INICIO - La F\u00e9d\u00e9ration - Augustines de la mis\u00e9ricorde de J\u00e9sus<\/title>\n<meta name=\"robots\" content=\"index, follow, max-snippet:-1, max-image-preview:large, max-video-preview:-1\" \/>\n<link rel=\"canonical\" href=\"https:\/\/augustines.org\/es\/\" \/>\n<meta property=\"og:locale\" content=\"es_ES\" \/>\n<meta property=\"og:type\" content=\"article\" \/>\n<meta property=\"og:title\" content=\"INICIO - La F\u00e9d\u00e9ration - Augustines de la mis\u00e9ricorde de J\u00e9sus\" \/>\n<meta property=\"og:description\" content=\"Les Augustinesde la Mis\u00e9ricordede J\u00e9sus 1639 Les Augustines de la Mis\u00e9ricorde de J\u00e9sus sont \u00e0 l&#8217;origine des premiers \u00e9tablissements de sant\u00e9en Nouvelle-France. Arriv\u00e9es \u00e0 Qu\u00e9bec en 1639, elles fondent douze h\u00f4pitaux au Canada \u00e0 chacun desquels est adjoint un monast\u00e8re o\u00f9 vivent les hospitali\u00e8res. Sur plus de trois si\u00e8cles, elles furent propri\u00e9taires et gestionnaires des&hellip;\" \/>\n<meta property=\"og:url\" content=\"https:\/\/augustines.org\/es\/\" \/>\n<meta property=\"og:site_name\" content=\"La F\u00e9d\u00e9ration - Augustines de la mis\u00e9ricorde de J\u00e9sus\" \/>\n<meta property=\"article:modified_time\" content=\"2025-06-05T15:39:19+00:00\" \/>\n<meta property=\"og:image\" content=\"https:\/\/augustines.org\/wp-content\/uploads\/2025\/04\/federation-des-augustines-logoweb.jpg\" \/>\n\t<meta property=\"og:image:width\" content=\"796\" \/>\n\t<meta property=\"og:image:height\" content=\"333\" \/>\n\t<meta property=\"og:image:type\" content=\"image\/jpeg\" \/>\n<meta name=\"twitter:card\" content=\"summary_large_image\" \/>\n<meta name=\"twitter:label1\" content=\"Tiempo de lectura\" \/>\n\t<meta name=\"twitter:data1\" content=\"1 minuto\" \/>\n<script type=\"application\/ld+json\" class=\"yoast-schema-graph\">{\"@context\":\"https:\\\/\\\/schema.org\",\"@graph\":[{\"@type\":\"WebPage\",\"@id\":\"https:\\\/\\\/augustines.org\\\/es\\\/\",\"url\":\"https:\\\/\\\/augustines.org\\\/es\\\/\",\"name\":\"INICIO - La F\u00e9d\u00e9ration - Augustines de la mis\u00e9ricorde de J\u00e9sus\",\"isPartOf\":{\"@id\":\"https:\\\/\\\/augustines.org\\\/#website\"},\"primaryImageOfPage\":{\"@id\":\"https:\\\/\\\/augustines.org\\\/es\\\/#primaryimage\"},\"image\":{\"@id\":\"https:\\\/\\\/augustines.org\\\/es\\\/#primaryimage\"},\"thumbnailUrl\":\"https:\\\/\\\/augustines.org\\\/wp-content\\\/uploads\\\/2025\\\/04\\\/federation-des-augustines-logoweb.jpg\",\"datePublished\":\"2025-04-03T17:19:46+00:00\",\"dateModified\":\"2025-06-05T15:39:19+00:00\",\"breadcrumb\":{\"@id\":\"https:\\\/\\\/augustines.org\\\/es\\\/#breadcrumb\"},\"inLanguage\":\"es\",\"potentialAction\":[{\"@type\":\"ReadAction\",\"target\":[\"https:\\\/\\\/augustines.org\\\/es\\\/\"]}]},{\"@type\":\"ImageObject\",\"inLanguage\":\"es\",\"@id\":\"https:\\\/\\\/augustines.org\\\/es\\\/#primaryimage\",\"url\":\"https:\\\/\\\/augustines.org\\\/wp-content\\\/uploads\\\/2025\\\/04\\\/federation-des-augustines-logoweb.jpg\",\"contentUrl\":\"https:\\\/\\\/augustines.org\\\/wp-content\\\/uploads\\\/2025\\\/04\\\/federation-des-augustines-logoweb.jpg\",\"width\":796,\"height\":333},{\"@type\":\"BreadcrumbList\",\"@id\":\"https:\\\/\\\/augustines.org\\\/es\\\/#breadcrumb\",\"itemListElement\":[{\"@type\":\"ListItem\",\"position\":1,\"name\":\"Accueil\",\"item\":\"https:\\\/\\\/augustines.org\\\/es\\\/\"},{\"@type\":\"ListItem\",\"position\":2,\"name\":\"INICIO\"}]},{\"@type\":\"WebSite\",\"@id\":\"https:\\\/\\\/augustines.org\\\/#website\",\"url\":\"https:\\\/\\\/augustines.org\\\/\",\"name\":\"La F\u00e9d\u00e9ration - Augustines de la mis\u00e9ricorde de J\u00e9sus\",\"description\":\"Rassemblement de monast\u00e8res\",\"publisher\":{\"@id\":\"https:\\\/\\\/augustines.org\\\/#organization\"},\"potentialAction\":[{\"@type\":\"SearchAction\",\"target\":{\"@type\":\"EntryPoint\",\"urlTemplate\":\"https:\\\/\\\/augustines.org\\\/?s={search_term_string}\"},\"query-input\":{\"@type\":\"PropertyValueSpecification\",\"valueRequired\":true,\"valueName\":\"search_term_string\"}}],\"inLanguage\":\"es\"},{\"@type\":\"Organization\",\"@id\":\"https:\\\/\\\/augustines.org\\\/#organization\",\"name\":\"La F\u00e9d\u00e9ration - Augustines de la mis\u00e9ricorde de J\u00e9sus\",\"url\":\"https:\\\/\\\/augustines.org\\\/\",\"logo\":{\"@type\":\"ImageObject\",\"inLanguage\":\"es\",\"@id\":\"https:\\\/\\\/augustines.org\\\/#\\\/schema\\\/logo\\\/image\\\/\",\"url\":\"https:\\\/\\\/augustines.org\\\/wp-content\\\/uploads\\\/2025\\\/04\\\/federation-des-augustines-logoweb.jpg\",\"contentUrl\":\"https:\\\/\\\/augustines.org\\\/wp-content\\\/uploads\\\/2025\\\/04\\\/federation-des-augustines-logoweb.jpg\",\"width\":796,\"height\":333,\"caption\":\"La F\u00e9d\u00e9ration - Augustines de la mis\u00e9ricorde de J\u00e9sus\"},\"image\":{\"@id\":\"https:\\\/\\\/augustines.org\\\/#\\\/schema\\\/logo\\\/image\\\/\"}}]}<\/script>\n<!-- \/ Yoast SEO plugin. -->","yoast_head_json":{"title":"INICIO - La F\u00e9d\u00e9ration - Augustines de la mis\u00e9ricorde de J\u00e9sus","robots":{"index":"index","follow":"follow","max-snippet":"max-snippet:-1","max-image-preview":"max-image-preview:large","max-video-preview":"max-video-preview:-1"},"canonical":"https:\/\/augustines.org\/es\/","og_locale":"es_ES","og_type":"article","og_title":"INICIO - La F\u00e9d\u00e9ration - Augustines de la mis\u00e9ricorde de J\u00e9sus","og_description":"Les Augustinesde la Mis\u00e9ricordede J\u00e9sus 1639 Les Augustines de la Mis\u00e9ricorde de J\u00e9sus sont \u00e0 l&#8217;origine des premiers \u00e9tablissements de sant\u00e9en Nouvelle-France. Arriv\u00e9es \u00e0 Qu\u00e9bec en 1639, elles fondent douze h\u00f4pitaux au Canada \u00e0 chacun desquels est adjoint un monast\u00e8re o\u00f9 vivent les hospitali\u00e8res. Sur plus de trois si\u00e8cles, elles furent propri\u00e9taires et gestionnaires des&hellip;","og_url":"https:\/\/augustines.org\/es\/","og_site_name":"La F\u00e9d\u00e9ration - Augustines de la mis\u00e9ricorde de J\u00e9sus","article_modified_time":"2025-06-05T15:39:19+00:00","og_image":[{"width":796,"height":333,"url":"https:\/\/augustines.org\/wp-content\/uploads\/2025\/04\/federation-des-augustines-logoweb.jpg","type":"image\/jpeg"}],"twitter_card":"summary_large_image","twitter_misc":{"Tiempo de lectura":"1 minuto"},"schema":{"@context":"https:\/\/schema.org","@graph":[{"@type":"WebPage","@id":"https:\/\/augustines.org\/es\/","url":"https:\/\/augustines.org\/es\/","name":"INICIO - La F\u00e9d\u00e9ration - Augustines de la mis\u00e9ricorde de J\u00e9sus","isPartOf":{"@id":"https:\/\/augustines.org\/#website"},"primaryImageOfPage":{"@id":"https:\/\/augustines.org\/es\/#primaryimage"},"image":{"@id":"https:\/\/augustines.org\/es\/#primaryimage"},"thumbnailUrl":"https:\/\/augustines.org\/wp-content\/uploads\/2025\/04\/federation-des-augustines-logoweb.jpg","datePublished":"2025-04-03T17:19:46+00:00","dateModified":"2025-06-05T15:39:19+00:00","breadcrumb":{"@id":"https:\/\/augustines.org\/es\/#breadcrumb"},"inLanguage":"es","potentialAction":[{"@type":"ReadAction","target":["https:\/\/augustines.org\/es\/"]}]},{"@type":"ImageObject","inLanguage":"es","@id":"https:\/\/augustines.org\/es\/#primaryimage","url":"https:\/\/augustines.org\/wp-content\/uploads\/2025\/04\/federation-des-augustines-logoweb.jpg","contentUrl":"https:\/\/augustines.org\/wp-content\/uploads\/2025\/04\/federation-des-augustines-logoweb.jpg","width":796,"height":333},{"@type":"BreadcrumbList","@id":"https:\/\/augustines.org\/es\/#breadcrumb","itemListElement":[{"@type":"ListItem","position":1,"name":"Accueil","item":"https:\/\/augustines.org\/es\/"},{"@type":"ListItem","position":2,"name":"INICIO"}]},{"@type":"WebSite","@id":"https:\/\/augustines.org\/#website","url":"https:\/\/augustines.org\/","name":"La F\u00e9d\u00e9ration - Augustines de la mis\u00e9ricorde de J\u00e9sus","description":"Rassemblement de monast\u00e8res","publisher":{"@id":"https:\/\/augustines.org\/#organization"},"potentialAction":[{"@type":"SearchAction","target":{"@type":"EntryPoint","urlTemplate":"https:\/\/augustines.org\/?s={search_term_string}"},"query-input":{"@type":"PropertyValueSpecification","valueRequired":true,"valueName":"search_term_string"}}],"inLanguage":"es"},{"@type":"Organization","@id":"https:\/\/augustines.org\/#organization","name":"La F\u00e9d\u00e9ration - Augustines de la mis\u00e9ricorde de J\u00e9sus","url":"https:\/\/augustines.org\/","logo":{"@type":"ImageObject","inLanguage":"es","@id":"https:\/\/augustines.org\/#\/schema\/logo\/image\/","url":"https:\/\/augustines.org\/wp-content\/uploads\/2025\/04\/federation-des-augustines-logoweb.jpg","contentUrl":"https:\/\/augustines.org\/wp-content\/uploads\/2025\/04\/federation-des-augustines-logoweb.jpg","width":796,"height":333,"caption":"La F\u00e9d\u00e9ration - Augustines de la mis\u00e9ricorde de J\u00e9sus"},"image":{"@id":"https:\/\/augustines.org\/#\/schema\/logo\/image\/"}}]}},"_links":{"self":[{"href":"https:\/\/augustines.org\/es\/wp-json\/wp\/v2\/pages\/865","targetHints":{"allow":["GET"]}}],"collection":[{"href":"https:\/\/augustines.org\/es\/wp-json\/wp\/v2\/pages"}],"about":[{"href":"https:\/\/augustines.org\/es\/wp-json\/wp\/v2\/types\/page"}],"author":[{"embeddable":true,"href":"https:\/\/augustines.org\/es\/wp-json\/wp\/v2\/users\/1"}],"replies":[{"embeddable":true,"href":"https:\/\/augustines.org\/es\/wp-json\/wp\/v2\/comments?post=865"}],"version-history":[{"count":3,"href":"https:\/\/augustines.org\/es\/wp-json\/wp\/v2\/pages\/865\/revisions"}],"predecessor-version":[{"id":987,"href":"https:\/\/augustines.org\/es\/wp-json\/wp\/v2\/pages\/865\/revisions\/987"}],"wp:featuredmedia":[{"embeddable":true,"href":"https:\/\/augustines.org\/es\/wp-json\/wp\/v2\/media\/18"}],"wp:attachment":[{"href":"https:\/\/augustines.org\/es\/wp-json\/wp\/v2\/media?parent=865"}],"curies":[{"name":"wp","href":"https:\/\/api.w.org\/{rel}","templated":true}]}}